{"id":68,"date":"2023-09-12T07:55:48","date_gmt":"2023-09-12T07:55:48","guid":{"rendered":"http:\/\/www.klausbuchner.de\/?page_id=68"},"modified":"2026-04-23T08:10:32","modified_gmt":"2026-04-23T06:10:32","slug":"home","status":"publish","type":"page","link":"https:\/\/www.klausbuchner.de\/en\/","title":{"rendered":"Home"},"content":{"rendered":"<div data-elementor-type=\"wp-page\" data-elementor-id=\"68\" class=\"elementor elementor-68\">\n\t\t\t\t\n<div class=\"elementor-element elementor-element-dabcbb8 e-flex e-con-boxed e-con e-parent\" data-id=\"dabcbb8\" data-element_type=\"container\" data-settings=\"{&quot;tmea_shape_divider_top&quot;:&quot;none&quot;,&quot;tmea_shape_divider_bottom&quot;:&quot;none&quot;}\">\n\t\t\t\t\t<div class=\"e-con-inner\">\n\t\t<div class=\"elementor-element elementor-element-96645c2 e-con-full e-flex e-con e-child\" data-id=\"96645c2\" data-element_type=\"container\" data-settings=\"{&quot;tmea_shape_divider_top&quot;:&quot;none&quot;,&quot;tmea_shape_divider_bottom&quot;:&quot;none&quot;}\">\n\t\t\t\t<div class=\"elementor-element elementor-element-4aa27b7 exad-sticky-section-no exad-glass-effect-no elementor-widget elementor-widget-menu-anchor\" data-id=\"4aa27b7\" data-element_type=\"widget\" data-widget_type=\"menu-anchor.default\">\n\t\t\t\t<div class=\"elementor-widget-container\">\n\t\t\t\t\t\t\t<div class=\"elementor-menu-anchor\" id=\"aktuell-sax\"><\/div>\n\t\t\t\t\t\t<\/div>\n\t\t\t\t<\/div>\n\t\t\t\t<\/div>\n\t\t<div class=\"elementor-element elementor-element-050f527 e-con-full e-flex e-con e-child\" data-id=\"050f527\" data-element_type=\"container\" data-settings=\"{&quot;position&quot;:&quot;fixed&quot;,&quot;tmea_shape_divider_top&quot;:&quot;none&quot;,&quot;tmea_shape_divider_bottom&quot;:&quot;none&quot;}\">\n\t\t\t\t<div class=\"elementor-element elementor-element-93ecf20 exad-sticky-section-no exad-glass-effect-no elementor-widget elementor-widget-image\" data-id=\"93ecf20\" data-element_type=\"widget\" data-widget_type=\"image.default\">\n\t\t\t\t<div class=\"elementor-widget-container\">\n\t\t\t\t\t\t\t\t\t\t\t\t\t\t\t<img decoding=\"async\" width=\"200\" height=\"150\" src=\"https:\/\/www.klausbuchner.de\/wp-content\/uploads\/2023\/09\/logo.png\" class=\"attachment-large size-large wp-image-833\" alt=\"\" srcset=\"https:\/\/www.klausbuchner.de\/wp-content\/uploads\/2023\/09\/logo.png 200w, https:\/\/www.klausbuchner.de\/wp-content\/uploads\/2023\/09\/logo-16x12.png 16w\" sizes=\"(max-width: 200px) 100vw, 200px\" \/>\t\t\t\t\t\t\t\t\t\t\t\t\t\t\t<\/div>\n\t\t\t\t<\/div>\n\t\t\t\t<\/div>\n\t\t<div class=\"elementor-element elementor-element-eab21fe e-con-full elementor-hidden-desktop e-flex e-con e-child\" data-id=\"eab21fe\" data-element_type=\"container\" data-settings=\"{&quot;position&quot;:&quot;fixed&quot;,&quot;tmea_shape_divider_top&quot;:&quot;none&quot;,&quot;tmea_shape_divider_bottom&quot;:&quot;none&quot;}\">\n\t\t\n\t\t<div class=\"elementor-element elementor-element-f88f2ec exad-sticky-section-no exad-glass-effect-no elementor-widget elementor-widget-text-editor\" data-id=\"f88f2ec\" data-element_type=\"widget\" data-widget_type=\"text-editor.default\">\n\t\t\t\t<div class=\"elementor-widget-container\">\n\t\t\t\t\t\t\t\t\t<p style=\"text-align: center;\"><span style=\"color: #ffffff;\"><strong>K<\/strong> <strong>B <\/strong><strong>M<\/strong><\/span><\/p>\t\t\t\t\t\t\t\t<\/div>\n\t\t\t\t<\/div>\n\t\t\t\t<\/div>\n\t\t<div class=\"elementor-element elementor-element-d52b70a e-con-full elementor-hidden-tablet elementor-hidden-mobile e-flex e-con e-child\" data-id=\"d52b70a\" data-element_type=\"container\" data-settings=\"{&quot;position&quot;:&quot;fixed&quot;,&quot;tmea_shape_divider_top&quot;:&quot;none&quot;,&quot;tmea_shape_divider_bottom&quot;:&quot;none&quot;}\">\n\t\t\t\t<div class=\"elementor-element elementor-element-b9ec137 exad-sticky-section-no exad-glass-effect-no elementor-widget elementor-widget-text-editor\" data-id=\"b9ec137\" data-element_type=\"widget\" data-widget_type=\"text-editor.default\">\n\t\t\t\t<div class=\"elementor-widget-container\">\n\t\t\t\t\t\t\t\t\t<p style=\"text-align: center;\"><span style=\"color: #ffffff;\"><strong>K<\/strong><small>LAUS<\/small> <strong>B<\/strong><small>UCHNER <\/small><strong>M<\/strong><small>USIC<\/small><\/span><\/p>\t\t\t\t\t\t\t\t<\/div>\n\t\t\t\t<\/div>\n\t\t\t\t<\/div>\n\t\t<div class=\"elementor-element elementor-element-0afda01 e-con-full e-flex e-con e-child\" data-id=\"0afda01\" data-element_type=\"container\" data-settings=\"{&quot;position&quot;:&quot;fixed&quot;,&quot;tmea_shape_divider_top&quot;:&quot;none&quot;,&quot;tmea_shape_divider_bottom&quot;:&quot;none&quot;}\">\n\t\t\t\t<div class=\"elementor-element elementor-element-654730b elementor-hidden-mobile exad-sticky-section-no exad-glass-effect-no elementor-widget elementor-widget-image\" data-id=\"654730b\" data-element_type=\"widget\" data-widget_type=\"image.default\">\n\t\t\t\t<div class=\"elementor-widget-container\">\n\t\t\t\t\t\t\t\t\t\t\t\t\t\t\t<img decoding=\"async\" width=\"119\" height=\"150\" src=\"https:\/\/www.klausbuchner.de\/wp-content\/uploads\/2023\/09\/sax.png\" class=\"attachment-large size-large wp-image-834\" alt=\"\" srcset=\"https:\/\/www.klausbuchner.de\/wp-content\/uploads\/2023\/09\/sax.png 119w, https:\/\/www.klausbuchner.de\/wp-content\/uploads\/2023\/09\/sax-10x12.png 10w\" sizes=\"(max-width: 119px) 100vw, 119px\" \/>\t\t\t\t\t\t\t\t\t\t\t\t\t\t\t<\/div>\n\t\t\t\t<\/div>\n\t\t\t\t<\/div>\n\t\t\t\t\t<\/div>\n\t\t\t\t<\/div>\n\t\t<div class=\"elementor-element elementor-element-8dfcb72 e-con-full elementor-hidden-desktop elementor-hidden-tablet elementor-hidden-mobile e-flex e-con e-parent\" data-id=\"8dfcb72\" data-element_type=\"container\" data-settings=\"{&quot;tmea_shape_divider_top&quot;:&quot;none&quot;,&quot;tmea_shape_divider_bottom&quot;:&quot;none&quot;}\">\n\t\t<div class=\"elementor-element elementor-element-c7ae77e e-con-full e-flex e-con e-child\" data-id=\"c7ae77e\" data-element_type=\"container\" data-settings=\"{&quot;tmea_shape_divider_top&quot;:&quot;none&quot;,&quot;tmea_shape_divider_bottom&quot;:&quot;none&quot;}\">\n\t\t\t\t<div class=\"elementor-element elementor-element-824295e exad-sticky-section-no exad-glass-effect-no elementor-widget elementor-widget-heading\" data-id=\"824295e\" data-element_type=\"widget\" data-widget_type=\"heading.default\">\n\t\t\t\t<div class=\"elementor-widget-container\">\n\t\t\t\t\t<h3 class=\"elementor-heading-title elementor-size-default\">Handpan-Solokonzert<\/h3>\t\t\t\t<\/div>\n\t\t\t\t<\/div>\n\t\t\t\t<div class=\"elementor-element elementor-element-1f96fa5 elementor-widget__width-initial exad-sticky-section-no exad-glass-effect-no elementor-widget elementor-widget-text-editor\" data-id=\"1f96fa5\" data-element_type=\"widget\" data-widget_type=\"text-editor.default\">\n\t\t\t\t<div class=\"elementor-widget-container\">\n\t\t\t\t\t\t\t\t\t<div>\n<p>zum Wochenausklang&nbsp; im Casa Musica in Forst. Die optimale Gelegenheit um euch zur\u00fcckzulehnen und ganz entspannt das Wochenende zu beginnen.<br><span style=\"background-color: rgba(255, 255, 255, 0); font-family: inherit; font-size: 1em;\"><br>20.M\u00e4rz&nbsp;20:00 &#8211;&nbsp;21:00 UHR&nbsp; \u20ac18.-<\/span><\/p><\/div>\t\t\t\t\t\t\t\t<\/div>\n\t\t\t\t<\/div>\n\t\t\t\t<div class=\"elementor-element elementor-element-80cb362 elementor-widget-divider--view-line exad-sticky-section-no exad-glass-effect-no elementor-widget elementor-widget-divider\" data-id=\"80cb362\" data-element_type=\"widget\" data-widget_type=\"divider.default\">\n\t\t\t\t<div class=\"elementor-widget-container\">\n\t\t\t\t\t\t\t<div class=\"elementor-divider\">\n\t\t\t<span class=\"elementor-divider-separator\">\n\t\t\t\t\t\t<\/span>\n\t\t<\/div>\n\t\t\t\t\t\t<\/div>\n\t\t\t\t<\/div>\n\t\t\t\t<div class=\"elementor-element elementor-element-753b6fb exad-sticky-section-no exad-glass-effect-no elementor-widget elementor-widget-heading\" data-id=\"753b6fb\" data-element_type=\"widget\" data-widget_type=\"heading.default\">\n\t\t\t\t<div class=\"elementor-widget-container\">\n\t\t\t\t\t<h3 class=\"elementor-heading-title elementor-size-default\">Saxophon-Workshop zur Improvisation\n<\/h3>\t\t\t\t<\/div>\n\t\t\t\t<\/div>\n\t\t\t\t<div class=\"elementor-element elementor-element-3679fe3 elementor-widget__width-initial exad-sticky-section-no exad-glass-effect-no elementor-widget elementor-widget-text-editor\" data-id=\"3679fe3\" data-element_type=\"widget\" data-widget_type=\"text-editor.default\">\n\t\t\t\t<div class=\"elementor-widget-container\">\n\t\t\t\t\t\t\t\t\t<p>Du spielst Saxophon und m\u00f6chtest endlichfreier improvisieren&gt;, musikalischer reagieren und Dich sicherer im Spiel f\u00fchlen? Dann ist dieser Workshop genau richtig f\u00fcr dich!<\/p><p>Der Saxophon-Workshop richtet sich anEinsteiger und Hobby-Musiker, die das Thema Improvisation verst\u00e4ndlich, praxisnah und ohne Druck angehen m\u00f6chten.<br \/>Gemeinsam entdecken wir, wie Improvisation funktioniert \u2013 Schritt f\u00fcr Schritt, musikalisch und mit viel Freude am Ausprobieren.<\/p><p>Im Mittelpunkt stehen unter anderem:<\/p><ul><li>Grundlagen der ImprovisationTonmaterial und einfache Skalen<\/li><li>Rhythmus, Phrasierung und musikalischer Ausdruck<\/li><li>Mut zum freien Spiel und zum \u201eEinfach-mal-Machen<\/li><\/ul><p>21.M\u00e4rz 10:00 &#8211; 16:00 UHR\u00a0 \u20ac110.-<\/p>\t\t\t\t\t\t\t\t<\/div>\n\t\t\t\t<\/div>\n\t\t\t\t<div class=\"elementor-element elementor-element-9c477d4 elementor-widget-divider--view-line exad-sticky-section-no exad-glass-effect-no elementor-widget elementor-widget-divider\" data-id=\"9c477d4\" data-element_type=\"widget\" data-widget_type=\"divider.default\">\n\t\t\t\t<div class=\"elementor-widget-container\">\n\t\t\t\t\t\t\t<div class=\"elementor-divider\">\n\t\t\t<span class=\"elementor-divider-separator\">\n\t\t\t\t\t\t<\/span>\n\t\t<\/div>\n\t\t\t\t\t\t<\/div>\n\t\t\t\t<\/div>\n\t\t\t\t<div class=\"elementor-element elementor-element-bbde191 exad-sticky-section-no exad-glass-effect-no elementor-widget elementor-widget-heading\" data-id=\"bbde191\" data-element_type=\"widget\" data-widget_type=\"heading.default\">\n\t\t\t\t<div class=\"elementor-widget-container\">\n\t\t\t\t\t<h3 class=\"elementor-heading-title elementor-size-default\">Handpan-Workshop<\/h3>\t\t\t\t<\/div>\n\t\t\t\t<\/div>\n\t\t\t\t<div class=\"elementor-element elementor-element-29b6c10 exad-sticky-section-no exad-glass-effect-no elementor-widget elementor-widget-text-editor\" data-id=\"29b6c10\" data-element_type=\"widget\" data-widget_type=\"text-editor.default\">\n\t\t\t\t<div class=\"elementor-widget-container\">\n\t\t\t\t\t\t\t\t\t<p>In diesem Workshop hast Du die M\u00f6glichkeit, die Handpan selbst zu erleben, auszuprobieren und besser kennenzulernen.<\/p><p>Der Workshop richtet sich an Einsteiger und neugierige Musiker, die Freude an Klang, Rhythmus und freiem Spiel haben. Vorkenntnisse sind nicht erforderlich. Im Mittelpunkt stehen das spielerische Erlernen von Grundtechniken, rhythmisches Verst\u00e4ndnis, freies Improvisieren und das bewusste H\u00f6ren.<\/p><p>Was dich erwartet:<\/p><ul><li>Einf\u00fchrung in die Handpan &amp; Spieltechniken<\/li><li>Rhythmus, Timing und musikalischer Flow<\/li><li>Freies Spiel &amp; erste Improvisationen<\/li><li>Gemeinsames Musizieren in entspannter Atmosph\u00e4re<\/li><\/ul><p>Dieser Workshop ist eine wunderbare Gelegenheit, selbst aktiv zu werden und Musik ganz unmittelbar zu erleben.<br \/>Die Teilnehmerzahl ist begrenzt \u2013 sichere dir rechtzeitig Deinen Platz und werde Teil dieses besonderen Klangerlebnisses !!!<\/p><p>18.April 2026 14:00 &#8211; 17:00 Uhr\u00a0 \u20ac75.-<\/p>\t\t\t\t\t\t\t\t<\/div>\n\t\t\t\t<\/div>\n\t\t\t\t<\/div>\n\t\t<div class=\"elementor-element elementor-element-e0ac764 e-con-full e-flex e-con e-child\" data-id=\"e0ac764\" data-element_type=\"container\" data-settings=\"{&quot;tmea_shape_divider_top&quot;:&quot;none&quot;,&quot;tmea_shape_divider_bottom&quot;:&quot;none&quot;}\">\n\t\t\t\t<div class=\"elementor-element elementor-element-f706af8 elementor-widget__width-initial exad-sticky-section-no exad-glass-effect-no elementor-widget elementor-widget-image\" data-id=\"f706af8\" data-element_type=\"widget\" data-widget_type=\"image.default\">\n\t\t\t\t<div class=\"elementor-widget-container\">\n\t\t\t\t\t\t\t\t\t\t\t\t\t\t\t<img fetchpriority=\"high\" decoding=\"async\" width=\"300\" height=\"300\" src=\"https:\/\/www.klausbuchner.de\/wp-content\/uploads\/2026\/02\/cropped-Logo-fix-Hintergrund-3-150x150-2-300x300.png\" class=\"attachment-medium size-medium wp-image-3105\" alt=\"\" srcset=\"https:\/\/www.klausbuchner.de\/wp-content\/uploads\/2026\/02\/cropped-Logo-fix-Hintergrund-3-150x150-2-300x300.png 300w, https:\/\/www.klausbuchner.de\/wp-content\/uploads\/2026\/02\/cropped-Logo-fix-Hintergrund-3-150x150-2-150x150.png 150w, https:\/\/www.klausbuchner.de\/wp-content\/uploads\/2026\/02\/cropped-Logo-fix-Hintergrund-3-150x150-2-12x12.png 12w, https:\/\/www.klausbuchner.de\/wp-content\/uploads\/2026\/02\/cropped-Logo-fix-Hintergrund-3-150x150-2.png 625w\" sizes=\"(max-width: 300px) 100vw, 300px\" \/>\t\t\t\t\t\t\t\t\t\t\t\t\t\t\t<\/div>\n\t\t\t\t<\/div>\n\t\t\t\t<div class=\"elementor-element elementor-element-5481b58 exad-sticky-section-no exad-glass-effect-no elementor-widget elementor-widget-text-editor\" data-id=\"5481b58\" data-element_type=\"widget\" data-widget_type=\"text-editor.default\">\n\t\t\t\t<div class=\"elementor-widget-container\">\n\t\t\t\t\t\t\t\t\t<div class=\"plain_line\">Das Casa Musica ist ein neu geschaffener Raum in dem Musik, Kunst und Kultur gemeinschaftlich und mit allen Sinnen erlebt werden.Allein schon diese initiative ist es wert zum Konzert zu kommen.<\/div><div class=\"plain_line\">Weitere Informationen zu Konzert und dem Casa Musica findet ihr unter diesem Link: <a href=\"https:\/\/camufo.de\/\">https:\/\/camufo.de\/<\/a><\/div>\t\t\t\t\t\t\t\t<\/div>\n\t\t\t\t<\/div>\n\t\t\t\t<div class=\"elementor-element elementor-element-03b18b3 exad-sticky-section-no exad-glass-effect-no elementor-widget elementor-widget-image\" data-id=\"03b18b3\" data-element_type=\"widget\" data-widget_type=\"image.default\">\n\t\t\t\t<div class=\"elementor-widget-container\">\n\t\t\t\t\t\t\t\t\t\t\t\t\t\t\t<img decoding=\"async\" src=\"https:\/\/www.klausbuchner.de\/wp-content\/uploads\/2026\/02\/IMG_3964-768x591-1.jpg\" title=\"IMG_3964-768&#215;591\" alt=\"IMG_3964-768x591\" loading=\"lazy\" \/>\t\t\t\t\t\t\t\t\t\t\t\t\t\t\t<\/div>\n\t\t\t\t<\/div>\n\t\t\t\t<div class=\"elementor-element elementor-element-d8324a2 exad-sticky-section-no exad-glass-effect-no elementor-widget elementor-widget-text-editor\" data-id=\"d8324a2\" data-element_type=\"widget\" data-widget_type=\"text-editor.default\">\n\t\t\t\t<div class=\"elementor-widget-container\">\n\t\t\t\t\t\t\t\t\t<p><strong>Casa Musica Forst<br \/><\/strong>Werner-von-Siemens-Stra\u00dfe 16<br \/>76694 Forst<\/p>\t\t\t\t\t\t\t\t<\/div>\n\t\t\t\t<\/div>\n\t\t\t\t<\/div>\n\t\t\t\t<\/div>\n\t\t<div class=\"elementor-element elementor-element-a69b8a2 e-con-full e-flex e-con e-parent\" data-id=\"a69b8a2\" data-element_type=\"container\" data-settings=\"{&quot;tmea_shape_divider_top&quot;:&quot;none&quot;,&quot;tmea_shape_divider_bottom&quot;:&quot;none&quot;}\">\n\t\t<div class=\"elementor-element elementor-element-cc23e8c e-con-full e-flex e-con e-child\" data-id=\"cc23e8c\" data-element_type=\"container\" data-settings=\"{&quot;tmea_shape_divider_top&quot;:&quot;none&quot;,&quot;tmea_shape_divider_bottom&quot;:&quot;none&quot;}\">\n\t\t\t\t<div class=\"exad-link-anything-wrapper elementor-element elementor-element-73f8829 elementor-widget__width-initial exad-sticky-section-no exad-glass-effect-no elementor-widget elementor-widget-image\" data-exad-element-link=\"{&quot;url&quot;:&quot;https:\\\/\\\/www.f\\u00e4hr-play.de\\\/faehr-fest-mit-matinee-faehr-play\\\/&quot;,&quot;is_external&quot;:&quot;&quot;,&quot;nofollow&quot;:&quot;&quot;,&quot;custom_attributes&quot;:&quot;&quot;}\" style=\"cursor: pointer\" data-id=\"73f8829\" data-element_type=\"widget\" data-widget_type=\"image.default\">\n\t\t\t\t<div class=\"elementor-widget-container\">\n\t\t\t\t\t\t\t\t\t\t\t\t\t\t\t<img loading=\"lazy\" decoding=\"async\" width=\"724\" height=\"1024\" src=\"https:\/\/www.klausbuchner.de\/wp-content\/uploads\/2026\/02\/A97r5o3x_s55vp_6qc-724x1024.png\" class=\"attachment-large size-large wp-image-3101\" alt=\"\" srcset=\"https:\/\/www.klausbuchner.de\/wp-content\/uploads\/2026\/02\/A97r5o3x_s55vp_6qc-724x1024.png 724w, https:\/\/www.klausbuchner.de\/wp-content\/uploads\/2026\/02\/A97r5o3x_s55vp_6qc-212x300.png 212w, https:\/\/www.klausbuchner.de\/wp-content\/uploads\/2026\/02\/A97r5o3x_s55vp_6qc-768x1087.png 768w, https:\/\/www.klausbuchner.de\/wp-content\/uploads\/2026\/02\/A97r5o3x_s55vp_6qc-1085x1536.png 1085w, https:\/\/www.klausbuchner.de\/wp-content\/uploads\/2026\/02\/A97r5o3x_s55vp_6qc-1447x2048.png 1447w, https:\/\/www.klausbuchner.de\/wp-content\/uploads\/2026\/02\/A97r5o3x_s55vp_6qc-8x12.png 8w, https:\/\/www.klausbuchner.de\/wp-content\/uploads\/2026\/02\/A97r5o3x_s55vp_6qc-scaled.png 1809w\" sizes=\"(max-width: 724px) 100vw, 724px\" \/>\t\t\t\t\t\t\t\t\t\t\t\t\t\t\t<\/div>\n\t\t\t\t<\/div>\n\t\t\t\t<\/div>\n\t\t<div class=\"elementor-element elementor-element-d3022a6 e-con-full e-flex e-con e-child\" data-id=\"d3022a6\" data-element_type=\"container\" data-settings=\"{&quot;tmea_shape_divider_top&quot;:&quot;none&quot;,&quot;tmea_shape_divider_bottom&quot;:&quot;none&quot;}\">\n\t\t\t\t<div class=\"elementor-element elementor-element-169d4d7 exad-sticky-section-no exad-glass-effect-no elementor-widget elementor-widget-heading\" data-id=\"169d4d7\" data-element_type=\"widget\" data-widget_type=\"heading.default\">\n\t\t\t\t<div class=\"elementor-widget-container\">\n\t\t\t\t\t<h3 class=\"elementor-heading-title elementor-size-default\">Sonic Harmonics<\/h3>\t\t\t\t<\/div>\n\t\t\t\t<\/div>\n\t\t\t\t<div class=\"elementor-element elementor-element-32ee2b5 elementor-widget__width-initial exad-sticky-section-no exad-glass-effect-no elementor-widget elementor-widget-text-editor\" data-id=\"32ee2b5\" data-element_type=\"widget\" data-widget_type=\"text-editor.default\">\n\t\t\t\t<div class=\"elementor-widget-container\">\n\t\t\t\t\t\t\t\t\t<div class=\"plain_line\">Klaus Buchner \u2014 Handpan und Saxophon<br \/>Sarah Lipfert \u2014 Gesang<br \/>Marcel Millot \u2014 Drums<br \/>Henrik Mumm \u2014 Bass und Cello<br \/>Steffen Schuhmacher \u2014 Piano und Keys<br \/>Sean Ian Guptill \u2014 Trompete<\/div>\t\t\t\t\t\t\t\t<\/div>\n\t\t\t\t<\/div>\n\t\t\t\t<div class=\"elementor-element elementor-element-dc7cda3 exad-sticky-section-no exad-glass-effect-no elementor-widget elementor-widget-text-editor\" data-id=\"dc7cda3\" data-element_type=\"widget\" data-widget_type=\"text-editor.default\">\n\t\t\t\t<div class=\"elementor-widget-container\">\n\t\t\t\t\t\t\t\t\t<p>Nach zwei wundervollen Konzerten gibt es nun eine dritte Auflage und ich freue mich riesig dar\u00fcber. Mit dieser Band versuche ich die Handpan in einen gr\u00f6\u00dferen musikalischen Kontext einzubinden.Hierzu habe ich fantastische Musiker gefunden und zu diesem Konzert auch noch mit der wundervollen Sarah Lipfert und ihrer bezaubernden Stimme erweitern k\u00f6nnen.\u00a0<\/p>\t\t\t\t\t\t\t\t<\/div>\n\t\t\t\t<\/div>\n\t\t\t\t<div class=\"elementor-element elementor-element-c4758c3 exad-sticky-section-no exad-glass-effect-no elementor-widget elementor-widget-text-editor\" data-id=\"c4758c3\" data-element_type=\"widget\" data-widget_type=\"text-editor.default\">\n\t\t\t\t<div class=\"elementor-widget-container\">\n\t\t\t\t\t\t\t\t\t<p><a href=\"https:\/\/www.jazzclub.de\/event\/sonic-harmonics\/\" target=\"_blank\" rel=\"noopener\">Info und Tickets<\/a><\/p><p>30.April 2025<br \/><a href=\"https:\/\/www.jazzclub.de\/event\/zaett-sonic-harmonics\/\">Jazzclub Karlsruhe<\/a>, Kaiserpassage 6, 76133 Karlsruhe<\/p>\t\t\t\t\t\t\t\t<\/div>\n\t\t\t\t<\/div>\n\t\t\t\t<\/div>\n\t\t\t\t<\/div>\n\t\t<div class=\"elementor-element elementor-element-fb6f25a e-con-full e-flex e-con e-parent\" data-id=\"fb6f25a\" data-element_type=\"container\" data-settings=\"{&quot;tmea_shape_divider_top&quot;:&quot;none&quot;,&quot;tmea_shape_divider_bottom&quot;:&quot;none&quot;}\">\n\t\t<div class=\"elementor-element elementor-element-c39b98f e-con-full e-flex e-con e-child\" data-id=\"c39b98f\" data-element_type=\"container\" data-settings=\"{&quot;tmea_shape_divider_top&quot;:&quot;none&quot;,&quot;tmea_shape_divider_bottom&quot;:&quot;none&quot;}\">\n\t\t\t\t<div class=\"elementor-element elementor-element-84b533c exad-sticky-section-no exad-glass-effect-no elementor-widget elementor-widget-heading\" data-id=\"84b533c\" data-element_type=\"widget\" data-widget_type=\"heading.default\">\n\t\t\t\t<div class=\"elementor-widget-container\">\n\t\t\t\t\t<h2 class=\"elementor-heading-title elementor-size-default\">Welcome to my homepage<\/h2>\t\t\t\t<\/div>\n\t\t\t\t<\/div>\n\t\t\t\t<div class=\"elementor-element elementor-element-1e488e2 elementor-widget__width-initial exad-sticky-section-no exad-glass-effect-no elementor-widget elementor-widget-text-editor\" data-id=\"1e488e2\" data-element_type=\"widget\" data-widget_type=\"text-editor.default\">\n\t\t\t\t<div class=\"elementor-widget-container\">\n\t\t\t\t\t\t\t\t\t<p>I invite you to my Klaus Buchner music world.<\/p><p>A varied and exciting, sometimes extraordinary world of artists.<\/p><p>On the following pages you can learn more about my becoming and doing as a musician, about my past and current projects and compositions. You can also find out about upcoming dates and current projects.<\/p><p>Have fun while browsing!<\/p><p><strong>If you'd like to stay up-to-date, feel free to sign up for the <a href=\"http:\/\/www.klausbuchner.de\/en\/newsletter\/\">Newsletter<\/a> an.<\/strong><\/p>\t\t\t\t\t\t\t\t<\/div>\n\t\t\t\t<\/div>\n\t\t\t\t<\/div>\n\t\t<div class=\"elementor-element elementor-element-fc0ae34 e-con-full elementor-hidden-mobile e-flex e-con e-child\" data-id=\"fc0ae34\" data-element_type=\"container\" data-settings=\"{&quot;tmea_shape_divider_top&quot;:&quot;none&quot;,&quot;tmea_shape_divider_bottom&quot;:&quot;none&quot;}\">\n\t\t\t\t<div class=\"elementor-element elementor-element-2545d61 exad-sticky-section-no exad-glass-effect-no elementor-widget elementor-widget-image\" data-id=\"2545d61\" data-element_type=\"widget\" data-widget_type=\"image.default\">\n\t\t\t\t<div class=\"elementor-widget-container\">\n\t\t\t\t\t\t\t\t\t\t\t\t\t\t\t<img loading=\"lazy\" decoding=\"async\" width=\"683\" height=\"1024\" src=\"https:\/\/www.klausbuchner.de\/wp-content\/uploads\/2023\/10\/JSchurrJSF01384Klaus-Buchner-studio--683x1024.jpg\" class=\"attachment-large size-large wp-image-1483\" alt=\"\" srcset=\"https:\/\/www.klausbuchner.de\/wp-content\/uploads\/2023\/10\/JSchurrJSF01384Klaus-Buchner-studio--683x1024.jpg 683w, https:\/\/www.klausbuchner.de\/wp-content\/uploads\/2023\/10\/JSchurrJSF01384Klaus-Buchner-studio--200x300.jpg 200w, https:\/\/www.klausbuchner.de\/wp-content\/uploads\/2023\/10\/JSchurrJSF01384Klaus-Buchner-studio--768x1151.jpg 768w, https:\/\/www.klausbuchner.de\/wp-content\/uploads\/2023\/10\/JSchurrJSF01384Klaus-Buchner-studio--1025x1536.jpg 1025w, https:\/\/www.klausbuchner.de\/wp-content\/uploads\/2023\/10\/JSchurrJSF01384Klaus-Buchner-studio--8x12.jpg 8w, https:\/\/www.klausbuchner.de\/wp-content\/uploads\/2023\/10\/JSchurrJSF01384Klaus-Buchner-studio-.jpg 1366w\" sizes=\"(max-width: 683px) 100vw, 683px\" \/>\t\t\t\t\t\t\t\t\t\t\t\t\t\t\t<\/div>\n\t\t\t\t<\/div>\n\t\t\t\t<\/div>\n\t\t<div class=\"elementor-element elementor-element-6b0149d e-con-full e-flex e-con e-child\" data-id=\"6b0149d\" data-element_type=\"container\" data-settings=\"{&quot;tmea_shape_divider_top&quot;:&quot;none&quot;,&quot;tmea_shape_divider_bottom&quot;:&quot;none&quot;}\">\n\t\t\t\t<\/div>\n\t\t\t\t<\/div>\n\t\t<div class=\"elementor-element elementor-element-f05470b e-con-full e-flex e-con e-parent\" data-id=\"f05470b\" data-element_type=\"container\" data-settings=\"{&quot;tmea_shape_divider_top&quot;:&quot;none&quot;,&quot;tmea_shape_divider_bottom&quot;:&quot;none&quot;}\">\n\t\t\t\t<div class=\"elementor-element elementor-element-3a0cf4e elementor-widget-divider--view-line exad-sticky-section-no exad-glass-effect-no elementor-widget elementor-widget-divider\" data-id=\"3a0cf4e\" data-element_type=\"widget\" data-widget_type=\"divider.default\">\n\t\t\t\t<div class=\"elementor-widget-container\">\n\t\t\t\t\t\t\t<div class=\"elementor-divider\">\n\t\t\t<span class=\"elementor-divider-separator\">\n\t\t\t\t\t\t<\/span>\n\t\t<\/div>\n\t\t\t\t\t\t<\/div>\n\t\t\t\t<\/div>\n\t\t\t\t<\/div>\n\t\t<div class=\"elementor-element elementor-element-5faac5c e-con-full e-flex e-con e-parent\" data-id=\"5faac5c\" data-element_type=\"container\" data-settings=\"{&quot;tmea_shape_divider_top&quot;:&quot;none&quot;,&quot;tmea_shape_divider_bottom&quot;:&quot;none&quot;}\">\n\t\t<div class=\"elementor-element elementor-element-da22982 e-con-full e-flex e-con e-child\" data-id=\"da22982\" data-element_type=\"container\" data-settings=\"{&quot;tmea_shape_divider_top&quot;:&quot;none&quot;,&quot;tmea_shape_divider_bottom&quot;:&quot;none&quot;}\">\n\t\t\t\t<div class=\"elementor-element elementor-element-89119f4 elementor-widget__width-initial exad-sticky-section-no exad-glass-effect-no elementor-widget elementor-widget-image\" data-id=\"89119f4\" data-element_type=\"widget\" data-widget_type=\"image.default\">\n\t\t\t\t<div class=\"elementor-widget-container\">\n\t\t\t\t\t\t\t\t\t\t\t\t\t\t\t<img loading=\"lazy\" decoding=\"async\" width=\"683\" height=\"1024\" src=\"https:\/\/www.klausbuchner.de\/wp-content\/uploads\/2023\/10\/JSchurrJSF01393shooting-klaus-buchner-683x1024.jpg\" class=\"attachment-large size-large wp-image-1688\" alt=\"\" srcset=\"https:\/\/www.klausbuchner.de\/wp-content\/uploads\/2023\/10\/JSchurrJSF01393shooting-klaus-buchner-683x1024.jpg 683w, https:\/\/www.klausbuchner.de\/wp-content\/uploads\/2023\/10\/JSchurrJSF01393shooting-klaus-buchner-200x300.jpg 200w, https:\/\/www.klausbuchner.de\/wp-content\/uploads\/2023\/10\/JSchurrJSF01393shooting-klaus-buchner-768x1151.jpg 768w, https:\/\/www.klausbuchner.de\/wp-content\/uploads\/2023\/10\/JSchurrJSF01393shooting-klaus-buchner-1025x1536.jpg 1025w, https:\/\/www.klausbuchner.de\/wp-content\/uploads\/2023\/10\/JSchurrJSF01393shooting-klaus-buchner-8x12.jpg 8w, https:\/\/www.klausbuchner.de\/wp-content\/uploads\/2023\/10\/JSchurrJSF01393shooting-klaus-buchner.jpg 1366w\" sizes=\"(max-width: 683px) 100vw, 683px\" \/>\t\t\t\t\t\t\t\t\t\t\t\t\t\t\t<\/div>\n\t\t\t\t<\/div>\n\t\t\t\t<\/div>\n\t\t<div class=\"elementor-element elementor-element-1a02fbb e-con-full e-flex e-con e-child\" data-id=\"1a02fbb\" data-element_type=\"container\" data-settings=\"{&quot;tmea_shape_divider_top&quot;:&quot;none&quot;,&quot;tmea_shape_divider_bottom&quot;:&quot;none&quot;}\">\n\t\t\t\t<div class=\"elementor-element elementor-element-0c371a0 exad-sticky-section-no exad-glass-effect-no elementor-widget elementor-widget-text-editor\" data-id=\"0c371a0\" data-element_type=\"widget\" data-widget_type=\"text-editor.default\">\n\t\t\t\t<div class=\"elementor-widget-container\">\n\t\t\t\t\t\t\t\t\t<p>Music touched me from my early childhood. When I heard \"Baker Street\" by Gerry Rafferty for the first time at the age of about nine, it hit me like a bolt of lightning and I was determined to learn the saxophone. My musical path began in the Musikverein Maulbronn. Many years of trial and error followed, and I finally decided to turn my passion into a career. During my music studies, which I completed in 1999, I was already working as a professional musician.<br \/><br \/>I was able to gain further musical experience at various workshops with David Liebmann, Jerry Beronzy, Johannes Endes, Toni Lakatos and Ernie Watts, among others.<br \/><br \/>In my musical world, however, not only the saxophone played an important role, but I expanded my repertoire of instruments with flutes and a preference for rhythm and percussion instruments developed.<br \/><br \/>The second time in my life the fascination for an instrument hit me in a flash when I came into contact with the handpan in 2006. In 2018 I integrated the handpan into my musical work. These two sides are currently shaping my composition - and music world.<\/p>\t\t\t\t\t\t\t\t<\/div>\n\t\t\t\t<\/div>\n\t\t\t\t<\/div>\n\t\t\t\t<\/div>\n\t\t\t\t<\/div>","protected":false},"excerpt":{"rendered":"<p>K B M KLAUS BUCHNER MUSIC Handpan-Solokonzert zum Wochenausklang&nbsp; im Casa Musica in Forst. Die optimale Gelegenheit um euch zur\u00fcckzulehnen und ganz entspannt das Wochenende zu beginnen. 20.M\u00e4rz&nbsp;20:00 &#8211;&nbsp;21:00 UHR&nbsp; \u20ac18.- Saxophon-Workshop zur Improvisation Du spielst Saxophon und m\u00f6chtest endlichfreier <span class=\"excerpt-dots\">&hellip;<\/span> <a class=\"more-link\" href=\"https:\/\/www.klausbuchner.de\/en\/\"><span class=\"more-msg\">Continue reading &rarr;<\/span><\/a><\/p>","protected":false},"author":1,"featured_media":0,"parent":0,"menu_order":1,"comment_status":"closed","ping_status":"closed","template":"","meta":{"footnotes":""},"class_list":["post-68","page","type-page","status-publish","hentry"],"_links":{"self":[{"href":"https:\/\/www.klausbuchner.de\/en\/wp-json\/wp\/v2\/pages\/68","targetHints":{"allow":["GET"]}}],"collection":[{"href":"https:\/\/www.klausbuchner.de\/en\/wp-json\/wp\/v2\/pages"}],"about":[{"href":"https:\/\/www.klausbuchner.de\/en\/wp-json\/wp\/v2\/types\/page"}],"author":[{"embeddable":true,"href":"https:\/\/www.klausbuchner.de\/en\/wp-json\/wp\/v2\/users\/1"}],"replies":[{"embeddable":true,"href":"https:\/\/www.klausbuchner.de\/en\/wp-json\/wp\/v2\/comments?post=68"}],"version-history":[{"count":896,"href":"https:\/\/www.klausbuchner.de\/en\/wp-json\/wp\/v2\/pages\/68\/revisions"}],"predecessor-version":[{"id":3133,"href":"https:\/\/www.klausbuchner.de\/en\/wp-json\/wp\/v2\/pages\/68\/revisions\/3133"}],"wp:attachment":[{"href":"https:\/\/www.klausbuchner.de\/en\/wp-json\/wp\/v2\/media?parent=68"}],"curies":[{"name":"wp","href":"https:\/\/api.w.org\/{rel}","templated":true}]}}